{"id":956,"date":"2019-10-28T12:00:23","date_gmt":"2019-10-28T12:00:23","guid":{"rendered":"https:\/\/www.talk-tv.at\/?page_id=956"},"modified":"2026-02-25T17:29:49","modified_gmt":"2026-02-25T16:29:49","slug":"sendungen","status":"publish","type":"page","link":"https:\/\/www.talk-tv.at\/index.php\/sendungen\/","title":{"rendered":"Produktionen"},"content":{"rendered":"<div class=\"fusion-fullwidth fullwidth-box fusion-builder-row-1 fusion-flex-container has-pattern-background has-mask-background nonhundred-percent-fullwidth non-hundred-percent-height-scrolling\" style=\"--awb-border-radius-top-left:0px;--awb-border-radius-top-right:0px;--awb-border-radius-bottom-right:0px;--awb-border-radius-bottom-left:0px;--awb-background-color:#ffffff;--awb-flex-wrap:wrap;\" ><div class=\"fusion-builder-row fusion-row fusion-flex-align-items-flex-start fusion-flex-content-wrap\" style=\"max-width:1216.8px;margin-left: calc(-4% \/ 2 );margin-right: calc(-4% \/ 2 );\"><div class=\"fusion-layout-column fusion_builder_column fusion-builder-column-0 fusion_builder_column_1_2 1_2 fusion-flex-column\" style=\"--awb-bg-color:rgba(248,248,248,0);--awb-bg-color-hover:rgba(248,248,248,0);--awb-bg-size:cover;--awb-width-large:50%;--awb-margin-top-large:0px;--awb-spacing-right-large:3.84%;--awb-margin-bottom-large:40px;--awb-spacing-left-large:3.84%;--awb-width-medium:100%;--awb-spacing-right-medium:1.92%;--awb-spacing-left-medium:1.92%;--awb-width-small:100%;--awb-spacing-right-small:1.92%;--awb-spacing-left-small:1.92%;\"><div class=\"fusion-column-wrapper fusion-column-has-shadow fusion-flex-justify-content-flex-start fusion-content-layout-column\"><div class=\"fusion-image-element \" style=\"text-align:center;--awb-caption-title-font-family:var(--h2_typography-font-family);--awb-caption-title-font-weight:var(--h2_typography-font-weight);--awb-caption-title-font-style:var(--h2_typography-font-style);--awb-caption-title-size:var(--h2_typography-font-size);--awb-caption-title-transform:var(--h2_typography-text-transform);--awb-caption-title-line-height:var(--h2_typography-line-height);--awb-caption-title-letter-spacing:var(--h2_typography-letter-spacing);\"><span class=\" fusion-imageframe imageframe-none imageframe-1 hover-type-zoomin\"><a class=\"fusion-no-lightbox\" href=\"https:\/\/www.talk-tv.at\/index.php\/sendungen\/barbara-karlich-unterwegs\/\" target=\"_self\" aria-label=\"BKU_F2_Assembly.00_01_03_09.Standbild009\"><img data-recalc-dims=\"1\" decoding=\"async\" width=\"1170\" height=\"658\" src=\"https:\/\/i0.wp.com\/www.talk-tv.at\/wp-content\/uploads\/2026\/02\/BKU_F2_Assembly.00_01_03_09.Standbild009.jpg?resize=1170%2C658&#038;ssl=1\" alt class=\"img-responsive wp-image-3599\" srcset=\"https:\/\/i0.wp.com\/www.talk-tv.at\/wp-content\/uploads\/2026\/02\/BKU_F2_Assembly.00_01_03_09.Standbild009.jpg?resize=200%2C113&amp;ssl=1 200w, https:\/\/i0.wp.com\/www.talk-tv.at\/wp-content\/uploads\/2026\/02\/BKU_F2_Assembly.00_01_03_09.Standbild009.jpg?resize=300%2C169&amp;ssl=1 300w, https:\/\/i0.wp.com\/www.talk-tv.at\/wp-content\/uploads\/2026\/02\/BKU_F2_Assembly.00_01_03_09.Standbild009.jpg?resize=400%2C225&amp;ssl=1 400w, https:\/\/i0.wp.com\/www.talk-tv.at\/wp-content\/uploads\/2026\/02\/BKU_F2_Assembly.00_01_03_09.Standbild009.jpg?resize=600%2C338&amp;ssl=1 600w, https:\/\/i0.wp.com\/www.talk-tv.at\/wp-content\/uploads\/2026\/02\/BKU_F2_Assembly.00_01_03_09.Standbild009.jpg?resize=768%2C432&amp;ssl=1 768w, https:\/\/i0.wp.com\/www.talk-tv.at\/wp-content\/uploads\/2026\/02\/BKU_F2_Assembly.00_01_03_09.Standbild009.jpg?resize=800%2C450&amp;ssl=1 800w, https:\/\/i0.wp.com\/www.talk-tv.at\/wp-content\/uploads\/2026\/02\/BKU_F2_Assembly.00_01_03_09.Standbild009.jpg?resize=1024%2C576&amp;ssl=1 1024w, https:\/\/i0.wp.com\/www.talk-tv.at\/wp-content\/uploads\/2026\/02\/BKU_F2_Assembly.00_01_03_09.Standbild009.jpg?resize=1200%2C675&amp;ssl=1 1200w, https:\/\/i0.wp.com\/www.talk-tv.at\/wp-content\/uploads\/2026\/02\/BKU_F2_Assembly.00_01_03_09.Standbild009.jpg?resize=1536%2C864&amp;ssl=1 1536w, https:\/\/i0.wp.com\/www.talk-tv.at\/wp-content\/uploads\/2026\/02\/BKU_F2_Assembly.00_01_03_09.Standbild009.jpg?w=1920&amp;ssl=1 1920w\" sizes=\"(max-width: 1024px) 100vw, (max-width: 640px) 100vw, 600px\" \/><\/a><\/span><\/div><div class=\"fusion-text fusion-text-1\"><div style=\"padding: 25px;\">\n<h4><a href=\"https:\/\/www.talk-tv.at\/index.php\/sendungen\/barbara-karlich-unterwegs\/\">Barbara Karlich unterwegs<\/a><\/h4>\n<p style=\"text-align: justify;\">Barbara Karlich unterwegs bringt den Talk aus dem Studio direkt zu den Menschen. In ganz \u00d6sterreich trifft Barbara Karlich auf bewegende Lebensgeschichten und echte Alltagsmomente. Das Format steht f\u00fcr N\u00e4he, Authentizit\u00e4t und Gespr\u00e4che mitten im Leben.\u00a0(ORF)<\/p>\n<\/div>\n<\/div><\/div><\/div><div class=\"fusion-layout-column fusion_builder_column fusion-builder-column-1 fusion_builder_column_1_2 1_2 fusion-flex-column\" style=\"--awb-bg-size:cover;--awb-width-large:50%;--awb-margin-top-large:0px;--awb-spacing-right-large:3.84%;--awb-margin-bottom-large:20px;--awb-spacing-left-large:3.84%;--awb-width-medium:100%;--awb-spacing-right-medium:1.92%;--awb-spacing-left-medium:1.92%;--awb-width-small:100%;--awb-spacing-right-small:1.92%;--awb-spacing-left-small:1.92%;\"><div class=\"fusion-column-wrapper fusion-column-has-shadow fusion-flex-justify-content-flex-start fusion-content-layout-column\"><div class=\"fusion-image-element \" style=\"text-align:center;--awb-caption-title-font-family:var(--h2_typography-font-family);--awb-caption-title-font-weight:var(--h2_typography-font-weight);--awb-caption-title-font-style:var(--h2_typography-font-style);--awb-caption-title-size:var(--h2_typography-font-size);--awb-caption-title-transform:var(--h2_typography-text-transform);--awb-caption-title-line-height:var(--h2_typography-line-height);--awb-caption-title-letter-spacing:var(--h2_typography-letter-spacing);\"><span class=\" fusion-imageframe imageframe-none imageframe-2 hover-type-zoomin\"><a class=\"fusion-no-lightbox\" href=\"https:\/\/www.talk-tv.at\/index.php\/sendungen\/liebesgschichten-und-heiratssachen\/\" target=\"_self\" aria-label=\"Liebesgschichten_S28-F03_TXTD_1080i25_TV-Rec709_EBU-R128_20Mix_XDCAMHD.03_53_49_22.Standbild007\"><img data-recalc-dims=\"1\" decoding=\"async\" width=\"1170\" height=\"658\" src=\"https:\/\/i0.wp.com\/www.talk-tv.at\/wp-content\/uploads\/2026\/02\/Liebesgschichten_S28-F03_TXTD_1080i25_TV-Rec709_EBU-R128_20Mix_XDCAMHD.03_53_49_22.Standbild007.jpg?resize=1170%2C658&#038;ssl=1\" alt class=\"img-responsive wp-image-3619\" srcset=\"https:\/\/i0.wp.com\/www.talk-tv.at\/wp-content\/uploads\/2026\/02\/Liebesgschichten_S28-F03_TXTD_1080i25_TV-Rec709_EBU-R128_20Mix_XDCAMHD.03_53_49_22.Standbild007.jpg?resize=200%2C113&amp;ssl=1 200w, https:\/\/i0.wp.com\/www.talk-tv.at\/wp-content\/uploads\/2026\/02\/Liebesgschichten_S28-F03_TXTD_1080i25_TV-Rec709_EBU-R128_20Mix_XDCAMHD.03_53_49_22.Standbild007.jpg?resize=300%2C169&amp;ssl=1 300w, https:\/\/i0.wp.com\/www.talk-tv.at\/wp-content\/uploads\/2026\/02\/Liebesgschichten_S28-F03_TXTD_1080i25_TV-Rec709_EBU-R128_20Mix_XDCAMHD.03_53_49_22.Standbild007.jpg?resize=400%2C225&amp;ssl=1 400w, https:\/\/i0.wp.com\/www.talk-tv.at\/wp-content\/uploads\/2026\/02\/Liebesgschichten_S28-F03_TXTD_1080i25_TV-Rec709_EBU-R128_20Mix_XDCAMHD.03_53_49_22.Standbild007.jpg?resize=600%2C338&amp;ssl=1 600w, https:\/\/i0.wp.com\/www.talk-tv.at\/wp-content\/uploads\/2026\/02\/Liebesgschichten_S28-F03_TXTD_1080i25_TV-Rec709_EBU-R128_20Mix_XDCAMHD.03_53_49_22.Standbild007.jpg?resize=768%2C432&amp;ssl=1 768w, https:\/\/i0.wp.com\/www.talk-tv.at\/wp-content\/uploads\/2026\/02\/Liebesgschichten_S28-F03_TXTD_1080i25_TV-Rec709_EBU-R128_20Mix_XDCAMHD.03_53_49_22.Standbild007.jpg?resize=800%2C450&amp;ssl=1 800w, https:\/\/i0.wp.com\/www.talk-tv.at\/wp-content\/uploads\/2026\/02\/Liebesgschichten_S28-F03_TXTD_1080i25_TV-Rec709_EBU-R128_20Mix_XDCAMHD.03_53_49_22.Standbild007.jpg?resize=1024%2C576&amp;ssl=1 1024w, https:\/\/i0.wp.com\/www.talk-tv.at\/wp-content\/uploads\/2026\/02\/Liebesgschichten_S28-F03_TXTD_1080i25_TV-Rec709_EBU-R128_20Mix_XDCAMHD.03_53_49_22.Standbild007.jpg?resize=1200%2C675&amp;ssl=1 1200w, https:\/\/i0.wp.com\/www.talk-tv.at\/wp-content\/uploads\/2026\/02\/Liebesgschichten_S28-F03_TXTD_1080i25_TV-Rec709_EBU-R128_20Mix_XDCAMHD.03_53_49_22.Standbild007.jpg?resize=1536%2C864&amp;ssl=1 1536w, https:\/\/i0.wp.com\/www.talk-tv.at\/wp-content\/uploads\/2026\/02\/Liebesgschichten_S28-F03_TXTD_1080i25_TV-Rec709_EBU-R128_20Mix_XDCAMHD.03_53_49_22.Standbild007.jpg?w=1920&amp;ssl=1 1920w\" sizes=\"(max-width: 1024px) 100vw, (max-width: 640px) 100vw, 600px\" \/><\/a><\/span><\/div><div class=\"fusion-text fusion-text-2\"><div style=\"padding: 25px;\">\n<h4><a href=\"https:\/\/www.talk-tv.at\/index.php\/sendungen\/liebesgschichten-und-heiratssachen\/\"><span style=\"text-align: justify;\">Liebesg&#8217;schichten\u00a0<\/span><span style=\"text-align: justify;\">und Heiratssachen <\/span><\/a><\/h4>\n<div class=\"page\" title=\"Page 2\">\n<div class=\"layoutArea\">\n<div class=\"column\">\n<p>Liebesg\u2019schichten und Heiratssachen erz\u00e4hlt von der Suche nach Liebe \u2013 ehrlich, ber\u00fchrend und oft \u00fcberraschend. Menschen \u00f6ffnen sich, zeigen Mut und lassen das Publikum an ihren Hoffnungen teilhaben. Die Sendung steht f\u00fcr W\u00e4rme, Menschlichkeit und die kleine Chance auf das gro\u00dfe Gl\u00fcck. (ORF)<\/p>\n<\/div>\n<\/div>\n<\/div>\n<\/div>\n<\/div><\/div><\/div><div class=\"fusion-layout-column fusion_builder_column fusion-builder-column-2 fusion_builder_column_1_2 1_2 fusion-flex-column\" style=\"--awb-bg-color:rgba(248,248,248,0);--awb-bg-color-hover:rgba(248,248,248,0);--awb-bg-size:cover;--awb-width-large:50%;--awb-margin-top-large:0px;--awb-spacing-right-large:3.84%;--awb-margin-bottom-large:40px;--awb-spacing-left-large:3.84%;--awb-width-medium:100%;--awb-spacing-right-medium:1.92%;--awb-spacing-left-medium:1.92%;--awb-width-small:100%;--awb-spacing-right-small:1.92%;--awb-spacing-left-small:1.92%;\"><div class=\"fusion-column-wrapper fusion-column-has-shadow fusion-flex-justify-content-flex-start fusion-content-layout-column\"><div class=\"fusion-image-element \" style=\"text-align:center;--awb-caption-title-font-family:var(--h2_typography-font-family);--awb-caption-title-font-weight:var(--h2_typography-font-weight);--awb-caption-title-font-style:var(--h2_typography-font-style);--awb-caption-title-size:var(--h2_typography-font-size);--awb-caption-title-transform:var(--h2_typography-text-transform);--awb-caption-title-line-height:var(--h2_typography-line-height);--awb-caption-title-letter-spacing:var(--h2_typography-letter-spacing);\"><span class=\" fusion-imageframe imageframe-none imageframe-3 hover-type-zoomin\"><a class=\"fusion-no-lightbox\" href=\"https:\/\/www.talk-tv.at\/index.php\/sendungen\/oesterreich-spricht\/\" target=\"_self\" aria-label=\"Liebesgschichten_S28-F03_TXTD_1080i25_TV-Rec709_EBU-R128_20Mix_XDCAMHD.00_00_14_06.Standbild009\"><img data-recalc-dims=\"1\" decoding=\"async\" width=\"1170\" height=\"658\" src=\"https:\/\/i0.wp.com\/www.talk-tv.at\/wp-content\/uploads\/2026\/02\/Liebesgschichten_S28-F03_TXTD_1080i25_TV-Rec709_EBU-R128_20Mix_XDCAMHD.00_00_14_06.Standbild009.jpg?resize=1170%2C658&#038;ssl=1\" alt class=\"img-responsive wp-image-3565\" srcset=\"https:\/\/i0.wp.com\/www.talk-tv.at\/wp-content\/uploads\/2026\/02\/Liebesgschichten_S28-F03_TXTD_1080i25_TV-Rec709_EBU-R128_20Mix_XDCAMHD.00_00_14_06.Standbild009.jpg?resize=200%2C113&amp;ssl=1 200w, https:\/\/i0.wp.com\/www.talk-tv.at\/wp-content\/uploads\/2026\/02\/Liebesgschichten_S28-F03_TXTD_1080i25_TV-Rec709_EBU-R128_20Mix_XDCAMHD.00_00_14_06.Standbild009.jpg?resize=300%2C169&amp;ssl=1 300w, https:\/\/i0.wp.com\/www.talk-tv.at\/wp-content\/uploads\/2026\/02\/Liebesgschichten_S28-F03_TXTD_1080i25_TV-Rec709_EBU-R128_20Mix_XDCAMHD.00_00_14_06.Standbild009.jpg?resize=400%2C225&amp;ssl=1 400w, https:\/\/i0.wp.com\/www.talk-tv.at\/wp-content\/uploads\/2026\/02\/Liebesgschichten_S28-F03_TXTD_1080i25_TV-Rec709_EBU-R128_20Mix_XDCAMHD.00_00_14_06.Standbild009.jpg?resize=600%2C338&amp;ssl=1 600w, https:\/\/i0.wp.com\/www.talk-tv.at\/wp-content\/uploads\/2026\/02\/Liebesgschichten_S28-F03_TXTD_1080i25_TV-Rec709_EBU-R128_20Mix_XDCAMHD.00_00_14_06.Standbild009.jpg?resize=768%2C432&amp;ssl=1 768w, https:\/\/i0.wp.com\/www.talk-tv.at\/wp-content\/uploads\/2026\/02\/Liebesgschichten_S28-F03_TXTD_1080i25_TV-Rec709_EBU-R128_20Mix_XDCAMHD.00_00_14_06.Standbild009.jpg?resize=800%2C450&amp;ssl=1 800w, https:\/\/i0.wp.com\/www.talk-tv.at\/wp-content\/uploads\/2026\/02\/Liebesgschichten_S28-F03_TXTD_1080i25_TV-Rec709_EBU-R128_20Mix_XDCAMHD.00_00_14_06.Standbild009.jpg?resize=1024%2C576&amp;ssl=1 1024w, https:\/\/i0.wp.com\/www.talk-tv.at\/wp-content\/uploads\/2026\/02\/Liebesgschichten_S28-F03_TXTD_1080i25_TV-Rec709_EBU-R128_20Mix_XDCAMHD.00_00_14_06.Standbild009.jpg?resize=1200%2C675&amp;ssl=1 1200w, https:\/\/i0.wp.com\/www.talk-tv.at\/wp-content\/uploads\/2026\/02\/Liebesgschichten_S28-F03_TXTD_1080i25_TV-Rec709_EBU-R128_20Mix_XDCAMHD.00_00_14_06.Standbild009.jpg?resize=1536%2C864&amp;ssl=1 1536w, https:\/\/i0.wp.com\/www.talk-tv.at\/wp-content\/uploads\/2026\/02\/Liebesgschichten_S28-F03_TXTD_1080i25_TV-Rec709_EBU-R128_20Mix_XDCAMHD.00_00_14_06.Standbild009.jpg?w=1920&amp;ssl=1 1920w\" sizes=\"(max-width: 1024px) 100vw, (max-width: 640px) 100vw, 600px\" \/><\/a><\/span><\/div><div class=\"fusion-text fusion-text-3\"><div style=\"padding: 25px;\">\n<h4><a href=\"https:\/\/www.talk-tv.at\/index.php\/sendungen\/oesterreich-spricht\/\">\u00d6sterreich spricht<\/a><\/h4>\n<p style=\"text-align: justify;\" data-fontsize=\"22\" data-lineheight=\"42\">\u00d6sterreich spricht bringt Menschen mit unterschiedlichen Standpunkten in einen respektvollen Dialog. Was oft unausgesprochen bleibt oder trennt, kommt hier zur Sprache. Das Format schafft Raum f\u00fcr Zuh\u00f6ren, Verst\u00e4ndnis und echte Gespr\u00e4chskultur. (Servus TV)<\/p>\n<\/div>\n<p><!--more--><\/p>\n<\/div><\/div><\/div><div class=\"fusion-layout-column fusion_builder_column fusion-builder-column-3 fusion_builder_column_1_2 1_2 fusion-flex-column\" style=\"--awb-bg-color:rgba(248,248,248,0);--awb-bg-color-hover:rgba(248,248,248,0);--awb-bg-size:cover;--awb-width-large:50%;--awb-margin-top-large:0px;--awb-spacing-right-large:3.84%;--awb-margin-bottom-large:40px;--awb-spacing-left-large:3.84%;--awb-width-medium:100%;--awb-spacing-right-medium:1.92%;--awb-spacing-left-medium:1.92%;--awb-width-small:100%;--awb-spacing-right-small:1.92%;--awb-spacing-left-small:1.92%;\"><div class=\"fusion-column-wrapper fusion-column-has-shadow fusion-flex-justify-content-flex-start fusion-content-layout-column\"><div class=\"fusion-image-element \" style=\"text-align:center;--awb-caption-title-font-family:var(--h2_typography-font-family);--awb-caption-title-font-weight:var(--h2_typography-font-weight);--awb-caption-title-font-style:var(--h2_typography-font-style);--awb-caption-title-size:var(--h2_typography-font-size);--awb-caption-title-transform:var(--h2_typography-text-transform);--awb-caption-title-line-height:var(--h2_typography-line-height);--awb-caption-title-letter-spacing:var(--h2_typography-letter-spacing);\"><span class=\" fusion-imageframe imageframe-none imageframe-4 hover-type-zoomin\"><a class=\"fusion-no-lightbox\" href=\"https:\/\/www.talk-tv.at\/index.php\/sendungen\/was-geht\/\" target=\"_self\" aria-label=\"Folge Ehrlichkeit.00_18_55_22.Standbild003\"><img data-recalc-dims=\"1\" decoding=\"async\" width=\"1170\" height=\"658\" src=\"https:\/\/i0.wp.com\/www.talk-tv.at\/wp-content\/uploads\/2026\/02\/Folge-Ehrlichkeit.00_18_55_22.Standbild003.jpg?resize=1170%2C658&#038;ssl=1\" alt class=\"img-responsive wp-image-3787\" srcset=\"https:\/\/i0.wp.com\/www.talk-tv.at\/wp-content\/uploads\/2026\/02\/Folge-Ehrlichkeit.00_18_55_22.Standbild003.jpg?resize=200%2C113&amp;ssl=1 200w, https:\/\/i0.wp.com\/www.talk-tv.at\/wp-content\/uploads\/2026\/02\/Folge-Ehrlichkeit.00_18_55_22.Standbild003.jpg?resize=300%2C169&amp;ssl=1 300w, https:\/\/i0.wp.com\/www.talk-tv.at\/wp-content\/uploads\/2026\/02\/Folge-Ehrlichkeit.00_18_55_22.Standbild003.jpg?resize=400%2C225&amp;ssl=1 400w, https:\/\/i0.wp.com\/www.talk-tv.at\/wp-content\/uploads\/2026\/02\/Folge-Ehrlichkeit.00_18_55_22.Standbild003.jpg?resize=600%2C338&amp;ssl=1 600w, https:\/\/i0.wp.com\/www.talk-tv.at\/wp-content\/uploads\/2026\/02\/Folge-Ehrlichkeit.00_18_55_22.Standbild003.jpg?resize=768%2C432&amp;ssl=1 768w, https:\/\/i0.wp.com\/www.talk-tv.at\/wp-content\/uploads\/2026\/02\/Folge-Ehrlichkeit.00_18_55_22.Standbild003.jpg?resize=800%2C450&amp;ssl=1 800w, https:\/\/i0.wp.com\/www.talk-tv.at\/wp-content\/uploads\/2026\/02\/Folge-Ehrlichkeit.00_18_55_22.Standbild003.jpg?resize=1024%2C576&amp;ssl=1 1024w, https:\/\/i0.wp.com\/www.talk-tv.at\/wp-content\/uploads\/2026\/02\/Folge-Ehrlichkeit.00_18_55_22.Standbild003.jpg?resize=1200%2C675&amp;ssl=1 1200w, https:\/\/i0.wp.com\/www.talk-tv.at\/wp-content\/uploads\/2026\/02\/Folge-Ehrlichkeit.00_18_55_22.Standbild003.jpg?resize=1536%2C864&amp;ssl=1 1536w, https:\/\/i0.wp.com\/www.talk-tv.at\/wp-content\/uploads\/2026\/02\/Folge-Ehrlichkeit.00_18_55_22.Standbild003.jpg?w=1920&amp;ssl=1 1920w\" sizes=\"(max-width: 1024px) 100vw, (max-width: 640px) 100vw, 600px\" \/><\/a><\/span><\/div><div class=\"fusion-text fusion-text-4\"><div style=\"padding: 25px;\">\n<h4><a href=\"https:\/\/www.talk-tv.at\/index.php\/sendungen\/was-geht\/\">Was geht?<\/a><\/h4>\n<p style=\"text-align: justify;\" data-fontsize=\"22\" data-lineheight=\"42\">In Was geht? spricht Moderatorin Melanie \u00d6sterreicher mit Kindern zwischen acht und 13 Jahren \u00fcber Themen, die ihren Alltag pr\u00e4gen \u2013 von Notendruck und Freundschaft \u00fcber Umweltbewusstsein bis hin zu digitalen Medien. Mit viel Empathie, Humor und p\u00e4dagogischer Erfahrung gibt sie praktische Tipps und l\u00e4dt die jungen Zuseher:innen dazu ein, aktiv in die Themen einzutauchen.<\/p>\n<\/div>\n<\/div><\/div><\/div><div class=\"fusion-layout-column fusion_builder_column fusion-builder-column-4 fusion_builder_column_1_2 1_2 fusion-flex-column\" style=\"--awb-bg-color:rgba(248,248,248,0);--awb-bg-color-hover:rgba(248,248,248,0);--awb-bg-size:cover;--awb-width-large:50%;--awb-margin-top-large:0px;--awb-spacing-right-large:3.84%;--awb-margin-bottom-large:40px;--awb-spacing-left-large:3.84%;--awb-width-medium:100%;--awb-spacing-right-medium:1.92%;--awb-spacing-left-medium:1.92%;--awb-width-small:100%;--awb-spacing-right-small:1.92%;--awb-spacing-left-small:1.92%;\"><div class=\"fusion-column-wrapper fusion-column-has-shadow fusion-flex-justify-content-flex-start fusion-content-layout-column\"><div class=\"fusion-image-element \" style=\"text-align:center;--awb-caption-title-font-family:var(--h2_typography-font-family);--awb-caption-title-font-weight:var(--h2_typography-font-weight);--awb-caption-title-font-style:var(--h2_typography-font-style);--awb-caption-title-size:var(--h2_typography-font-size);--awb-caption-title-transform:var(--h2_typography-text-transform);--awb-caption-title-line-height:var(--h2_typography-line-height);--awb-caption-title-letter-spacing:var(--h2_typography-letter-spacing);\"><span class=\" fusion-imageframe imageframe-none imageframe-5 hover-type-zoomin\"><a class=\"fusion-no-lightbox\" href=\"https:\/\/www.talk-tv.at\/index.php\/sendungen\/die-superklasse\/\" target=\"_self\" aria-label=\"Folge 1_Tirol.00_00_51_05.Standbild002\"><img data-recalc-dims=\"1\" decoding=\"async\" width=\"1170\" height=\"658\" src=\"https:\/\/i0.wp.com\/www.talk-tv.at\/wp-content\/uploads\/2026\/02\/Folge-1_Tirol.00_00_51_05.Standbild002.jpg?resize=1170%2C658&#038;ssl=1\" alt class=\"img-responsive wp-image-3630\" srcset=\"https:\/\/i0.wp.com\/www.talk-tv.at\/wp-content\/uploads\/2026\/02\/Folge-1_Tirol.00_00_51_05.Standbild002.jpg?resize=200%2C113&amp;ssl=1 200w, https:\/\/i0.wp.com\/www.talk-tv.at\/wp-content\/uploads\/2026\/02\/Folge-1_Tirol.00_00_51_05.Standbild002.jpg?resize=300%2C169&amp;ssl=1 300w, https:\/\/i0.wp.com\/www.talk-tv.at\/wp-content\/uploads\/2026\/02\/Folge-1_Tirol.00_00_51_05.Standbild002.jpg?resize=400%2C225&amp;ssl=1 400w, https:\/\/i0.wp.com\/www.talk-tv.at\/wp-content\/uploads\/2026\/02\/Folge-1_Tirol.00_00_51_05.Standbild002.jpg?resize=600%2C338&amp;ssl=1 600w, https:\/\/i0.wp.com\/www.talk-tv.at\/wp-content\/uploads\/2026\/02\/Folge-1_Tirol.00_00_51_05.Standbild002.jpg?resize=768%2C432&amp;ssl=1 768w, https:\/\/i0.wp.com\/www.talk-tv.at\/wp-content\/uploads\/2026\/02\/Folge-1_Tirol.00_00_51_05.Standbild002.jpg?resize=800%2C450&amp;ssl=1 800w, https:\/\/i0.wp.com\/www.talk-tv.at\/wp-content\/uploads\/2026\/02\/Folge-1_Tirol.00_00_51_05.Standbild002.jpg?resize=1024%2C576&amp;ssl=1 1024w, https:\/\/i0.wp.com\/www.talk-tv.at\/wp-content\/uploads\/2026\/02\/Folge-1_Tirol.00_00_51_05.Standbild002.jpg?resize=1200%2C675&amp;ssl=1 1200w, https:\/\/i0.wp.com\/www.talk-tv.at\/wp-content\/uploads\/2026\/02\/Folge-1_Tirol.00_00_51_05.Standbild002.jpg?resize=1536%2C864&amp;ssl=1 1536w, https:\/\/i0.wp.com\/www.talk-tv.at\/wp-content\/uploads\/2026\/02\/Folge-1_Tirol.00_00_51_05.Standbild002.jpg?w=1920&amp;ssl=1 1920w\" sizes=\"(max-width: 1024px) 100vw, (max-width: 640px) 100vw, 600px\" \/><\/a><\/span><\/div><div class=\"fusion-text fusion-text-5\"><div style=\"padding: 25px;\">\n<h4><a href=\"https:\/\/www.talk-tv.at\/index.php\/sendungen\/die-superklasse\/\">Die Superklasse<\/a><\/h4>\n<p style=\"text-align: justify;\" data-fontsize=\"22\" data-lineheight=\"42\">Die Superklasse r\u00fcckt junge Talente, Teamgeist und Zusammenhalt ins Rampenlicht. Schulklassen zeigen, was sie gemeinsam auf die Beine stellen k\u00f6nnen \u2013 mit Kreativit\u00e4t, Einsatz und Herz. Die Sendung feiert Gemeinschaftserlebnisse und macht Erfolg als Team sichtbar. (ORF)<\/p>\n<\/div>\n<p><!--more--><\/p>\n<\/div><\/div><\/div><div class=\"fusion-layout-column fusion_builder_column fusion-builder-column-5 fusion_builder_column_1_2 1_2 fusion-flex-column\" style=\"--awb-bg-color:rgba(248,248,248,0);--awb-bg-color-hover:rgba(248,248,248,0);--awb-bg-size:cover;--awb-width-large:50%;--awb-margin-top-large:0px;--awb-spacing-right-large:3.84%;--awb-margin-bottom-large:40px;--awb-spacing-left-large:3.84%;--awb-width-medium:100%;--awb-spacing-right-medium:1.92%;--awb-spacing-left-medium:1.92%;--awb-width-small:100%;--awb-spacing-right-small:1.92%;--awb-spacing-left-small:1.92%;\"><div class=\"fusion-column-wrapper fusion-column-has-shadow fusion-flex-justify-content-flex-start fusion-content-layout-column\"><div class=\"fusion-image-element \" style=\"text-align:center;--awb-caption-title-font-family:var(--h2_typography-font-family);--awb-caption-title-font-weight:var(--h2_typography-font-weight);--awb-caption-title-font-style:var(--h2_typography-font-style);--awb-caption-title-size:var(--h2_typography-font-size);--awb-caption-title-transform:var(--h2_typography-text-transform);--awb-caption-title-line-height:var(--h2_typography-line-height);--awb-caption-title-letter-spacing:var(--h2_typography-letter-spacing);\"><span class=\" fusion-imageframe imageframe-none imageframe-6 hover-type-zoomin\"><a class=\"fusion-no-lightbox\" href=\"https:\/\/www.talk-tv.at\/index.php\/sendungen\/natur-im-garten\/\" target=\"_self\" aria-label=\"NiG-Karl19\"><img data-recalc-dims=\"1\" decoding=\"async\" width=\"1170\" height=\"658\" src=\"https:\/\/i0.wp.com\/www.talk-tv.at\/wp-content\/uploads\/2024\/01\/NiG-Karl19.jpg?resize=1170%2C658&#038;ssl=1\" alt class=\"img-responsive wp-image-3196\" srcset=\"https:\/\/i0.wp.com\/www.talk-tv.at\/wp-content\/uploads\/2024\/01\/NiG-Karl19.jpg?resize=200%2C113&amp;ssl=1 200w, https:\/\/i0.wp.com\/www.talk-tv.at\/wp-content\/uploads\/2024\/01\/NiG-Karl19.jpg?resize=300%2C169&amp;ssl=1 300w, https:\/\/i0.wp.com\/www.talk-tv.at\/wp-content\/uploads\/2024\/01\/NiG-Karl19.jpg?resize=400%2C225&amp;ssl=1 400w, https:\/\/i0.wp.com\/www.talk-tv.at\/wp-content\/uploads\/2024\/01\/NiG-Karl19.jpg?resize=600%2C338&amp;ssl=1 600w, https:\/\/i0.wp.com\/www.talk-tv.at\/wp-content\/uploads\/2024\/01\/NiG-Karl19.jpg?resize=768%2C432&amp;ssl=1 768w, https:\/\/i0.wp.com\/www.talk-tv.at\/wp-content\/uploads\/2024\/01\/NiG-Karl19.jpg?resize=800%2C450&amp;ssl=1 800w, https:\/\/i0.wp.com\/www.talk-tv.at\/wp-content\/uploads\/2024\/01\/NiG-Karl19.jpg?resize=1024%2C576&amp;ssl=1 1024w, https:\/\/i0.wp.com\/www.talk-tv.at\/wp-content\/uploads\/2024\/01\/NiG-Karl19.jpg?resize=1200%2C675&amp;ssl=1 1200w, https:\/\/i0.wp.com\/www.talk-tv.at\/wp-content\/uploads\/2024\/01\/NiG-Karl19.jpg?resize=1536%2C864&amp;ssl=1 1536w, https:\/\/i0.wp.com\/www.talk-tv.at\/wp-content\/uploads\/2024\/01\/NiG-Karl19.jpg?w=1920&amp;ssl=1 1920w\" sizes=\"(max-width: 1024px) 100vw, (max-width: 640px) 100vw, 600px\" \/><\/a><\/span><\/div><div class=\"fusion-text fusion-text-6\"><div style=\"padding: 25px;\">\n<h4><a href=\"https:\/\/www.talk-tv.at\/index.php\/sendungen\/natur-im-garten\/\">Natur im Garten<\/a><\/h4>\n<div class=\"fusion-text\">\n<p style=\"text-align: justify;\" data-fontsize=\"22\" data-lineheight=\"42\">\u201eWissen was wirkt, und zeigen wie\u2019s geht\u201c \u2013 unter diesem Motto l\u00e4dt Karl Ploberger ein, die \u201cNatur im Garten\u201d zu entdecken und zu pflegen.<\/p>\n<\/div>\n<\/div>\n<\/div><\/div><\/div><div class=\"fusion-layout-column fusion_builder_column fusion-builder-column-6 fusion_builder_column_1_2 1_2 fusion-flex-column\" style=\"--awb-bg-color:rgba(248,248,248,0);--awb-bg-color-hover:rgba(248,248,248,0);--awb-bg-size:cover;--awb-width-large:50%;--awb-margin-top-large:0px;--awb-spacing-right-large:3.84%;--awb-margin-bottom-large:40px;--awb-spacing-left-large:3.84%;--awb-width-medium:100%;--awb-spacing-right-medium:1.92%;--awb-spacing-left-medium:1.92%;--awb-width-small:100%;--awb-spacing-right-small:1.92%;--awb-spacing-left-small:1.92%;\"><div class=\"fusion-column-wrapper fusion-column-has-shadow fusion-flex-justify-content-flex-start fusion-content-layout-column\"><div class=\"fusion-image-element \" style=\"text-align:center;--awb-caption-title-font-family:var(--h2_typography-font-family);--awb-caption-title-font-weight:var(--h2_typography-font-weight);--awb-caption-title-font-style:var(--h2_typography-font-style);--awb-caption-title-size:var(--h2_typography-font-size);--awb-caption-title-transform:var(--h2_typography-text-transform);--awb-caption-title-line-height:var(--h2_typography-line-height);--awb-caption-title-letter-spacing:var(--h2_typography-letter-spacing);\"><span class=\" fusion-imageframe imageframe-none imageframe-7 hover-type-zoomin\"><a class=\"fusion-no-lightbox\" href=\"https:\/\/www.talk-tv.at\/index.php\/sendungen\/die-millionen-show\/\" target=\"_self\" aria-label=\"mio_0\"><img data-recalc-dims=\"1\" decoding=\"async\" width=\"1170\" height=\"658\" src=\"https:\/\/i0.wp.com\/www.talk-tv.at\/wp-content\/uploads\/2026\/02\/mio_0.jpg?resize=1170%2C658&#038;ssl=1\" alt class=\"img-responsive wp-image-3650\" srcset=\"https:\/\/i0.wp.com\/www.talk-tv.at\/wp-content\/uploads\/2026\/02\/mio_0.jpg?resize=200%2C113&amp;ssl=1 200w, https:\/\/i0.wp.com\/www.talk-tv.at\/wp-content\/uploads\/2026\/02\/mio_0.jpg?resize=300%2C169&amp;ssl=1 300w, https:\/\/i0.wp.com\/www.talk-tv.at\/wp-content\/uploads\/2026\/02\/mio_0.jpg?resize=400%2C225&amp;ssl=1 400w, https:\/\/i0.wp.com\/www.talk-tv.at\/wp-content\/uploads\/2026\/02\/mio_0.jpg?resize=600%2C338&amp;ssl=1 600w, https:\/\/i0.wp.com\/www.talk-tv.at\/wp-content\/uploads\/2026\/02\/mio_0.jpg?resize=768%2C432&amp;ssl=1 768w, https:\/\/i0.wp.com\/www.talk-tv.at\/wp-content\/uploads\/2026\/02\/mio_0.jpg?resize=800%2C450&amp;ssl=1 800w, https:\/\/i0.wp.com\/www.talk-tv.at\/wp-content\/uploads\/2026\/02\/mio_0.jpg?resize=1024%2C576&amp;ssl=1 1024w, https:\/\/i0.wp.com\/www.talk-tv.at\/wp-content\/uploads\/2026\/02\/mio_0.jpg?resize=1200%2C675&amp;ssl=1 1200w, https:\/\/i0.wp.com\/www.talk-tv.at\/wp-content\/uploads\/2026\/02\/mio_0.jpg?resize=1536%2C864&amp;ssl=1 1536w, https:\/\/i0.wp.com\/www.talk-tv.at\/wp-content\/uploads\/2026\/02\/mio_0.jpg?w=1920&amp;ssl=1 1920w\" sizes=\"(max-width: 1024px) 100vw, (max-width: 640px) 100vw, 600px\" \/><\/a><\/span><\/div><div class=\"fusion-text fusion-text-7\"><div style=\"padding: 25px;\">\n<h4><a href=\"https:\/\/www.talk-tv.at\/index.php\/sendungen\/die-millionen-show\/\">Die Millionen Show<\/a><\/h4>\n<p style=\"text-align: justify;\" data-fontsize=\"22\" data-lineheight=\"42\">Das beliebteste Quiz der Welt. Kaum ein Mensch auf der Welt kennt diese Show nicht! \u201eWho wants to be a millionaire?\u201d ist seit 1998 ein internationales Fernsehph\u00e4nomen.<\/p>\n<\/div>\n<\/div><\/div><\/div><div class=\"fusion-layout-column fusion_builder_column fusion-builder-column-7 fusion_builder_column_1_2 1_2 fusion-flex-column\" style=\"--awb-bg-color:rgba(248,248,248,0);--awb-bg-color-hover:rgba(248,248,248,0);--awb-bg-size:cover;--awb-width-large:50%;--awb-margin-top-large:0px;--awb-spacing-right-large:3.84%;--awb-margin-bottom-large:40px;--awb-spacing-left-large:3.84%;--awb-width-medium:100%;--awb-spacing-right-medium:1.92%;--awb-spacing-left-medium:1.92%;--awb-width-small:100%;--awb-spacing-right-small:1.92%;--awb-spacing-left-small:1.92%;\"><div class=\"fusion-column-wrapper fusion-column-has-shadow fusion-flex-justify-content-flex-start fusion-content-layout-column\"><div class=\"fusion-image-element \" style=\"text-align:center;--awb-caption-title-font-family:var(--h2_typography-font-family);--awb-caption-title-font-weight:var(--h2_typography-font-weight);--awb-caption-title-font-style:var(--h2_typography-font-style);--awb-caption-title-size:var(--h2_typography-font-size);--awb-caption-title-transform:var(--h2_typography-text-transform);--awb-caption-title-line-height:var(--h2_typography-line-height);--awb-caption-title-letter-spacing:var(--h2_typography-letter-spacing);\"><span class=\" fusion-imageframe imageframe-none imageframe-8 hover-type-zoomin\"><a class=\"fusion-no-lightbox\" href=\"https:\/\/www.talk-tv.at\/index.php\/sendungen\/941-2\/\" target=\"_self\" aria-label=\"Die Barbara Karlich Show\"><img data-recalc-dims=\"1\" decoding=\"async\" width=\"1170\" height=\"743\" src=\"https:\/\/i0.wp.com\/www.talk-tv.at\/wp-content\/uploads\/2019\/10\/BKarlich_03.jpg?resize=1170%2C743&#038;ssl=1\" alt class=\"img-responsive wp-image-748\" srcset=\"https:\/\/i0.wp.com\/www.talk-tv.at\/wp-content\/uploads\/2019\/10\/BKarlich_03.jpg?resize=200%2C127&amp;ssl=1 200w, https:\/\/i0.wp.com\/www.talk-tv.at\/wp-content\/uploads\/2019\/10\/BKarlich_03.jpg?resize=300%2C190&amp;ssl=1 300w, https:\/\/i0.wp.com\/www.talk-tv.at\/wp-content\/uploads\/2019\/10\/BKarlich_03.jpg?resize=320%2C202&amp;ssl=1 320w, https:\/\/i0.wp.com\/www.talk-tv.at\/wp-content\/uploads\/2019\/10\/BKarlich_03.jpg?resize=400%2C254&amp;ssl=1 400w, https:\/\/i0.wp.com\/www.talk-tv.at\/wp-content\/uploads\/2019\/10\/BKarlich_03.jpg?resize=600%2C381&amp;ssl=1 600w, https:\/\/i0.wp.com\/www.talk-tv.at\/wp-content\/uploads\/2019\/10\/BKarlich_03.jpg?resize=768%2C487&amp;ssl=1 768w, https:\/\/i0.wp.com\/www.talk-tv.at\/wp-content\/uploads\/2019\/10\/BKarlich_03.jpg?resize=800%2C508&amp;ssl=1 800w, https:\/\/i0.wp.com\/www.talk-tv.at\/wp-content\/uploads\/2019\/10\/BKarlich_03.jpg?resize=1024%2C650&amp;ssl=1 1024w, https:\/\/i0.wp.com\/www.talk-tv.at\/wp-content\/uploads\/2019\/10\/BKarlich_03.jpg?resize=1200%2C762&amp;ssl=1 1200w, https:\/\/i0.wp.com\/www.talk-tv.at\/wp-content\/uploads\/2019\/10\/BKarlich_03.jpg?w=2340&amp;ssl=1 2340w, https:\/\/i0.wp.com\/www.talk-tv.at\/wp-content\/uploads\/2019\/10\/BKarlich_03.jpg?w=2976&amp;ssl=1 2976w\" sizes=\"(max-width: 1024px) 100vw, (max-width: 640px) 100vw, 600px\" \/><\/a><\/span><\/div><div class=\"fusion-text fusion-text-8\"><div style=\"padding: 25px;\">\n<h4><a href=\"https:\/\/www.talk-tv.at\/index.php\/sendungen\/941-2\/\">Die Barbara Karlich Show \/ Barbara Karlich \u2013 Talk um 4<\/a><br \/>\n(ORF 2, 1999\u20132025)<\/h4>\n<p style=\"text-align: justify;\" data-fontsize=\"22\" data-lineheight=\"42\">Die Barbara Karlich Show lief seit der Premiere am 27. Oktober 1999 werktags auf ORF 2 und wurde sp\u00e4ter unter dem Namen Barbara Karlich \u2013 Talk um 4 weitergef\u00fchrt.<\/p>\n<\/div>\n<\/div><\/div><\/div><\/div><\/div>\n","protected":false},"excerpt":{"rendered":"<p>\u00d6sterreich spricht \u00d6sterreich spricht bringt Menschen mit unterschiedlichen Standpunkten in einen respektvollen Dialog. Was oft unausgesprochen bleibt oder trennt, kommt hier zur Sprache. Das Format schafft Raum f\u00fcr Zuh\u00f6ren, Verst\u00e4ndnis und echte Gespr\u00e4chskultur. (Servus TV)<\/p>\n","protected":false},"author":1,"featured_media":0,"parent":0,"menu_order":0,"comment_status":"closed","ping_status":"closed","template":"100-width.php","meta":{"_acf_changed":false,"footnotes":""},"class_list":["post-956","page","type-page","status-publish","hentry"],"acf":[],"jetpack_sharing_enabled":true,"_links":{"self":[{"href":"https:\/\/www.talk-tv.at\/index.php\/wp-json\/wp\/v2\/pages\/956","targetHints":{"allow":["GET"]}}],"collection":[{"href":"https:\/\/www.talk-tv.at\/index.php\/wp-json\/wp\/v2\/pages"}],"about":[{"href":"https:\/\/www.talk-tv.at\/index.php\/wp-json\/wp\/v2\/types\/page"}],"author":[{"embeddable":true,"href":"https:\/\/www.talk-tv.at\/index.php\/wp-json\/wp\/v2\/users\/1"}],"replies":[{"embeddable":true,"href":"https:\/\/www.talk-tv.at\/index.php\/wp-json\/wp\/v2\/comments?post=956"}],"version-history":[{"count":25,"href":"https:\/\/www.talk-tv.at\/index.php\/wp-json\/wp\/v2\/pages\/956\/revisions"}],"predecessor-version":[{"id":3817,"href":"https:\/\/www.talk-tv.at\/index.php\/wp-json\/wp\/v2\/pages\/956\/revisions\/3817"}],"wp:attachment":[{"href":"https:\/\/www.talk-tv.at\/index.php\/wp-json\/wp\/v2\/media?parent=956"}],"curies":[{"name":"wp","href":"https:\/\/api.w.org\/{rel}","templated":true}]}}